{"id":106,"date":"2017-07-31T19:40:02","date_gmt":"2017-07-31T19:40:02","guid":{"rendered":"https:\/\/www.wertraum.com\/schmidt\/?page_id=106"},"modified":"2018-09-20T18:59:01","modified_gmt":"2018-09-20T18:59:01","slug":"private-krankenversicherung","status":"publish","type":"page","link":"https:\/\/www.wertraum.com\/schmidt\/absicherung\/krankenversicherung\/private-krankenversicherung\/","title":{"rendered":"Private Krankenversicherung"},"content":{"rendered":"<p>[et_pb_section background_image=&#8220;https:\/\/www.wertraum.com\/schmidt\/wp-content\/uploads\/2017\/11\/iStock-487659578_h.jpg&#8220; transparent_background=&#8220;off&#8220; allow_player_pause=&#8220;off&#8220; inner_shadow=&#8220;off&#8220; parallax=&#8220;off&#8220; parallax_method=&#8220;on&#8220; custom_padding=&#8220;54px|0px|312px|0px&#8220; padding_mobile=&#8220;off&#8220; make_fullwidth=&#8220;off&#8220; use_custom_width=&#8220;off&#8220; width_unit=&#8220;off&#8220; custom_width_px=&#8220;1080px&#8220; custom_width_percent=&#8220;80%&#8220; make_equal=&#8220;off&#8220; use_custom_gutter=&#8220;off&#8220; fullwidth=&#8220;off&#8220; specialty=&#8220;off&#8220; admin_label=&#8220;section&#8220; disabled=&#8220;off&#8220;][et_pb_row make_fullwidth=&#8220;off&#8220; use_custom_width=&#8220;off&#8220; width_unit=&#8220;off&#8220; custom_width_px=&#8220;1080px&#8220; custom_width_percent=&#8220;80%&#8220; use_custom_gutter=&#8220;off&#8220; gutter_width=&#8220;3&#8243; padding_mobile=&#8220;off&#8220; allow_player_pause=&#8220;off&#8220; parallax=&#8220;off&#8220; parallax_method=&#8220;on&#8220; make_equal=&#8220;off&#8220; column_padding_mobile=&#8220;on&#8220; parallax_1=&#8220;off&#8220; parallax_method_1=&#8220;on&#8220; parallax_2=&#8220;off&#8220; parallax_method_2=&#8220;on&#8220; parallax_3=&#8220;off&#8220; parallax_method_3=&#8220;on&#8220; parallax_4=&#8220;off&#8220; parallax_method_4=&#8220;on&#8220; admin_label=&#8220;row&#8220; disabled=&#8220;off&#8220;][et_pb_column type=&#8220;4_4&#8243; disabled=&#8220;off&#8220; parallax=&#8220;off&#8220; parallax_method=&#8220;on&#8220; column_padding_mobile=&#8220;on&#8220;][et_pb_image show_in_lightbox=&#8220;off&#8220; url_new_window=&#8220;off&#8220; use_overlay=&#8220;off&#8220; sticky=&#8220;off&#8220; align=&#8220;left&#8220; force_fullwidth=&#8220;off&#8220; always_center_on_mobile=&#8220;on&#8220; admin_label=&#8220;Bild&#8220; use_border_color=&#8220;off&#8220; border_color=&#8220;#ffffff&#8220; border_width=&#8220;1px&#8220; border_style=&#8220;solid&#8220; disabled=&#8220;off&#8220;] [\/et_pb_image][\/et_pb_column][\/et_pb_row][\/et_pb_section][et_pb_section transparent_background=&#8220;off&#8220; allow_player_pause=&#8220;off&#8220; inner_shadow=&#8220;off&#8220; parallax=&#8220;off&#8220; parallax_method=&#8220;on&#8220; padding_mobile=&#8220;off&#8220; make_fullwidth=&#8220;off&#8220; use_custom_width=&#8220;off&#8220; width_unit=&#8220;off&#8220; custom_width_px=&#8220;1080px&#8220; custom_width_percent=&#8220;80%&#8220; make_equal=&#8220;off&#8220; use_custom_gutter=&#8220;off&#8220; fullwidth=&#8220;off&#8220; specialty=&#8220;off&#8220; admin_label=&#8220;section&#8220; disabled=&#8220;off&#8220;][et_pb_row make_fullwidth=&#8220;off&#8220; use_custom_width=&#8220;off&#8220; width_unit=&#8220;off&#8220; custom_width_px=&#8220;1080px&#8220; custom_width_percent=&#8220;80%&#8220; use_custom_gutter=&#8220;off&#8220; gutter_width=&#8220;3&#8243; padding_mobile=&#8220;off&#8220; allow_player_pause=&#8220;off&#8220; parallax=&#8220;off&#8220; parallax_method=&#8220;on&#8220; make_equal=&#8220;off&#8220; column_padding_mobile=&#8220;on&#8220; parallax_1=&#8220;off&#8220; parallax_method_1=&#8220;on&#8220; parallax_2=&#8220;off&#8220; parallax_method_2=&#8220;on&#8220; parallax_3=&#8220;off&#8220; parallax_method_3=&#8220;on&#8220; parallax_4=&#8220;off&#8220; parallax_method_4=&#8220;on&#8220; admin_label=&#8220;row&#8220; disabled=&#8220;off&#8220;][et_pb_column type=&#8220;2_3&#8243; disabled=&#8220;off&#8220; parallax=&#8220;off&#8220; parallax_method=&#8220;on&#8220; column_padding_mobile=&#8220;on&#8220;][et_pb_text background_layout=&#8220;light&#8220; text_orientation=&#8220;left&#8220; use_border_color=&#8220;off&#8220; border_style=&#8220;solid&#8220; disabled=&#8220;off&#8220;]<\/p>\n<h2 style=\"background-color: #ffffff; font-size: 22px;\"><font color=\"#2f508f\"><span style=\"font-size: 22px;\">Private Krankenversicherung<\/span><\/font><\/h2>\n<p style=\"background-color: #ffffff;\"><strong><br \/>\u201eSoll ich mich f\u00fcr die gesetzliche oder die private Krankenversicherung entscheiden?\u201c<br \/><\/strong><\/p>\n<p style=\"background-color: #ffffff;\">Die Antwort auf diese Frage erfordert fundierte Kenntnisse der Grundprinzipien\u00a0der unterschiedlichen Systeme. Beide sind demografischen wie auch politischen Entwicklungen und Entscheidungen ausgesetzt. Dadurch ist es in den letzten Jahren immer wieder zu einschneidenden Ver\u00e4nderungen der Zugangsvoraussetzungen und der Wechselm\u00f6glichkeit zwischen den Systemen sowie zu Leistungseinschr\u00e4nkungen in der gesetzlichen Krankenversicherung gekommen.<\/p>\n<p style=\"background-color: #ffffff;\">Wir als Makler k\u00f6nnen Ihnen bei der Entscheidung \u201egesetzlich oder privat\u201c helfen. In ausf\u00fchrlichen Beratungsgespr\u00e4chen er\u00f6rtern wir gemeinsam mit Ihnen, ob Sie aufgrund Ihrer pers\u00f6nlichen Lebenssituation und der aktuell g\u00fcltigen Bestimmungen besser in der gesetzlichen oder in der privaten Krankenversicherung aufgehoben sind.<\/p>\n<p>[\/et_pb_text][et_pb_image src=&#8220;https:\/\/www.wertraum.com\/schmidt\/wp-content\/uploads\/2017\/11\/iStock-611776510_v.jpg&#8220; show_in_lightbox=&#8220;off&#8220; url_new_window=&#8220;off&#8220; use_overlay=&#8220;off&#8220; animation=&#8220;off&#8220; sticky=&#8220;off&#8220; align=&#8220;left&#8220; force_fullwidth=&#8220;off&#8220; always_center_on_mobile=&#8220;on&#8220; use_border_color=&#8220;off&#8220; border_color=&#8220;#ffffff&#8220; border_width=&#8220;1px&#8220; border_style=&#8220;solid&#8220; disabled=&#8220;off&#8220;][\/et_pb_image][et_pb_text background_layout=&#8220;light&#8220; text_orientation=&#8220;left&#8220; use_border_color=&#8220;off&#8220; border_style=&#8220;solid&#8220; disabled=&#8220;off&#8220;]<\/p>\n<p>Falls f\u00fcr Sie ein Wechsel in eine private Krankenversicherung m\u00f6glich und sinnvoll ist, stellt sich die Frage nach der \u201erichtigen\u201c Gesellschaft. Aber welche Entscheidungskriterien sind sinnvoll? Welcher Tarif und welche Gesellschaft\u00a0sind f\u00fcr Ihre W\u00fcnsche und Ihren individuellen Bedarf passend? Die Angebotsvielfalt ist f\u00fcr Verbraucher kaum noch zu \u00fcberschauen. Transparenz zu Preis und Leistung zu schaffen, ist deshalb eine unserer zentralen Aufgaben. F\u00fcr noch wichtiger erachten wir, Auswahlkriterien zu ber\u00fccksichtigen, die zu m\u00f6glichst langfristig tragbaren Beitr\u00e4gen f\u00fchren. Die finanzielle Ausstattung eines Unternehmens sowie solide Gesch\u00e4fts- und Tarifpolitik sind dabei zentrale Themen.<\/p>\n<p>[\/et_pb_text][\/et_pb_column][et_pb_column type=&#8220;1_3&#8243; disabled=&#8220;off&#8220; parallax=&#8220;off&#8220; parallax_method=&#8220;on&#8220; column_padding_mobile=&#8220;on&#8220;][et_pb_text background_layout=&#8220;light&#8220; text_orientation=&#8220;left&#8220; use_border_color=&#8220;off&#8220; border_style=&#8220;solid&#8220; disabled=&#8220;off&#8220;]<\/p>\n<h2 style=\"background-color: #ffffff;\">Ihre Beraterin vor Ort<\/h2>\n<p>[\/et_pb_text][et_pb_image src=&#8220;https:\/\/www.wertraum.com\/schmidt\/wp-content\/uploads\/2017\/11\/berater_ah.jpg&#8220; show_in_lightbox=&#8220;off&#8220; url_new_window=&#8220;off&#8220; use_overlay=&#8220;off&#8220; animation=&#8220;off&#8220; sticky=&#8220;off&#8220; align=&#8220;left&#8220; force_fullwidth=&#8220;off&#8220; always_center_on_mobile=&#8220;on&#8220; use_border_color=&#8220;off&#8220; border_color=&#8220;#ffffff&#8220; border_width=&#8220;1px&#8220; border_style=&#8220;solid&#8220; disabled=&#8220;off&#8220; global_module=&#8220;695&#8243; saved_tabs=&#8220;all&#8220;][\/et_pb_image][et_pb_text background_layout=&#8220;light&#8220; text_orientation=&#8220;left&#8220; use_border_color=&#8220;off&#8220; border_style=&#8220;solid&#8220; disabled=&#8220;off&#8220; global_module=&#8220;697&#8243; saved_tabs=&#8220;all&#8220;]<\/p>\n<p><b>Andrea Hopfenspirger<br \/><\/b><i>Beraterin f\u00fcr Baufinanzierung und Versicherungen<\/i><\/p>\n<p style=\"background-color: #ffffff; font-size: 14px;\">Langgasse 81<br \/>67454 Ha\u00dfloch<\/p>\n<p style=\"background-color: #ffffff; font-size: 14px;\"><strong style=\"font-size: 14px;\">Telefon:\u00a0<\/strong>0 63 24 \/ 92 12 &#8211; 0<br \/><strong style=\"font-size: 14px;\">Fax:<\/strong>\u00a00 63 24 \/ 92 12 &#8211; 40<br \/><strong style=\"font-size: 14px;\">E-Mail:<\/strong>\u00a0<a href=\"mailto:a.hopfenspirger@wertraum.com\" style=\"font-size: 14px;\">a.hopfenspirger@wertraum.com<\/a><\/p>\n<p style=\"background-color: #ffffff; font-size: 14px;\">\u00a0<\/p>\n<p style=\"background-color: #ffffff; font-size: 14px;\">Ich berate Sie gerne:<\/p>\n<p>[\/et_pb_text][et_pb_button button_url=&#8220;\/schmidt\/kontakt&#8220; url_new_window=&#8220;on&#8220; button_text=&#8220;Jetzt Termin vereinbaren&#8220; button_alignment=&#8220;left&#8220; background_layout=&#8220;dark&#8220; custom_button=&#8220;off&#8220; button_text_size=&#8220;20&#8243; button_use_icon=&#8220;on&#8220; button_icon_placement=&#8220;right&#8220; button_on_hover=&#8220;on&#8220; button_letter_spacing_hover=&#8220;0&#8243; disabled=&#8220;off&#8220; global_module=&#8220;262&#8243; saved_tabs=&#8220;all&#8220;][\/et_pb_button][\/et_pb_column][\/et_pb_row][\/et_pb_section][et_pb_section transparent_background=&#8220;off&#8220; background_color=&#8220;#f2f2f2&#8243; allow_player_pause=&#8220;off&#8220; inner_shadow=&#8220;off&#8220; parallax=&#8220;off&#8220; parallax_method=&#8220;on&#8220; custom_padding=&#8220;0px|0px|0px|0px&#8220; padding_mobile=&#8220;off&#8220; make_fullwidth=&#8220;off&#8220; use_custom_width=&#8220;off&#8220; width_unit=&#8220;off&#8220; custom_width_px=&#8220;1080px&#8220; custom_width_percent=&#8220;80%&#8220; make_equal=&#8220;off&#8220; use_custom_gutter=&#8220;off&#8220; fullwidth=&#8220;off&#8220; specialty=&#8220;off&#8220; admin_label=&#8220;section&#8220; disabled=&#8220;off&#8220; global_module=&#8220;210&#8243;][et_pb_row make_fullwidth=&#8220;off&#8220; use_custom_width=&#8220;off&#8220; width_unit=&#8220;off&#8220; custom_width_px=&#8220;1080px&#8220; custom_width_percent=&#8220;80%&#8220; use_custom_gutter=&#8220;off&#8220; gutter_width=&#8220;3&#8243; custom_padding=&#8220;30px|0px|30px|0px&#8220; padding_mobile=&#8220;off&#8220; allow_player_pause=&#8220;off&#8220; parallax=&#8220;off&#8220; parallax_method=&#8220;on&#8220; make_equal=&#8220;off&#8220; column_padding_mobile=&#8220;on&#8220; parallax_1=&#8220;off&#8220; parallax_method_1=&#8220;on&#8220; parallax_2=&#8220;off&#8220; parallax_method_2=&#8220;on&#8220; parallax_3=&#8220;off&#8220; parallax_method_3=&#8220;on&#8220; parallax_4=&#8220;off&#8220; parallax_method_4=&#8220;on&#8220; disabled=&#8220;off&#8220;][et_pb_column type=&#8220;1_2&#8243; disabled=&#8220;off&#8220; parallax=&#8220;off&#8220; parallax_method=&#8220;on&#8220; column_padding_mobile=&#8220;on&#8220;][et_pb_text background_layout=&#8220;light&#8220; text_orientation=&#8220;left&#8220; use_border_color=&#8220;off&#8220; border_style=&#8220;solid&#8220; disabled=&#8220;off&#8220;]<\/p>\n<p><span>\u00a9 Ralf Schmidt <\/span><span>wertraum GmbH | Design von <a href=\"https:\/\/alena-schmidt.de\" target=\"_blank\" rel=\"noopener\">Alena Schmidt<\/a><\/span><\/p>\n<p>[\/et_pb_text][\/et_pb_column][et_pb_column type=&#8220;1_2&#8243; disabled=&#8220;off&#8220; parallax=&#8220;off&#8220; parallax_method=&#8220;on&#8220; column_padding_mobile=&#8220;on&#8220;][et_pb_text background_layout=&#8220;light&#8220; text_orientation=&#8220;left&#8220; use_border_color=&#8220;off&#8220; border_style=&#8220;solid&#8220; disabled=&#8220;off&#8220;]<\/p>\n<p style=\"text-align: right;\"><a href=\"https:\/\/www.wertraum.com\/schmidt\/datenschutz\/\"><strong style=\"background-color: #f2f2f2; font-size: 14px; text-align: right;\">Datenschutzerkl\u00e4rung\u00a0<\/strong><\/a><span style=\"font-size: 14px; text-align: right; background-color: #f2f2f2;\">|\u00a0<\/span><a href=\"https:\/\/www.wertraum.com\/schmidt\/impressum\/\" style=\"background-color: #f2f2f2; font-size: 14px; text-align: right;\"><strong style=\"font-size: 14px;\">Impressum<\/strong><\/a><\/p>\n<p>[\/et_pb_text][\/et_pb_column][\/et_pb_row][\/et_pb_section]<\/p>\n","protected":false},"excerpt":{"rendered":"<p>[et_pb_section background_image=&#8220;https:\/\/www.wertraum.com\/schmidt\/wp-content\/uploads\/2017\/11\/iStock-487659578_h.jpg&#8220; transparent_background=&#8220;off&#8220; allow_player_pause=&#8220;off&#8220; inner_shadow=&#8220;off&#8220; parallax=&#8220;off&#8220; parallax_method=&#8220;on&#8220; custom_padding=&#8220;54px|0px|312px|0px&#8220; padding_mobile=&#8220;off&#8220; make_fullwidth=&#8220;off&#8220; use_custom_width=&#8220;off&#8220; width_unit=&#8220;off&#8220; custom_width_px=&#8220;1080px&#8220; custom_width_percent=&#8220;80%&#8220; make_equal=&#8220;off&#8220; use_custom_gutter=&#8220;off&#8220; fullwidth=&#8220;off&#8220; specialty=&#8220;off&#8220; admin_label=&#8220;section&#8220; disabled=&#8220;off&#8220;][et_pb_row make_fullwidth=&#8220;off&#8220; use_custom_width=&#8220;off&#8220; width_unit=&#8220;off&#8220; custom_width_px=&#8220;1080px&#8220; custom_width_percent=&#8220;80%&#8220; use_custom_gutter=&#8220;off&#8220; gutter_width=&#8220;3&#8243; padding_mobile=&#8220;off&#8220; allow_player_pause=&#8220;off&#8220; parallax=&#8220;off&#8220; parallax_method=&#8220;on&#8220; make_equal=&#8220;off&#8220; column_padding_mobile=&#8220;on&#8220; parallax_1=&#8220;off&#8220; parallax_method_1=&#8220;on&#8220; parallax_2=&#8220;off&#8220; parallax_method_2=&#8220;on&#8220; parallax_3=&#8220;off&#8220; parallax_method_3=&#8220;on&#8220; parallax_4=&#8220;off&#8220; parallax_method_4=&#8220;on&#8220; admin_label=&#8220;row&#8220; disabled=&#8220;off&#8220;][et_pb_column type=&#8220;4_4&#8243; disabled=&#8220;off&#8220; parallax=&#8220;off&#8220; parallax_method=&#8220;on&#8220; column_padding_mobile=&#8220;on&#8220;][et_pb_image show_in_lightbox=&#8220;off&#8220; url_new_window=&#8220;off&#8220; use_overlay=&#8220;off&#8220; sticky=&#8220;off&#8220; align=&#8220;left&#8220; force_fullwidth=&#8220;off&#8220; always_center_on_mobile=&#8220;on&#8220; [&hellip;]<\/p>\n","protected":false},"author":2,"featured_media":0,"parent":104,"menu_order":0,"comment_status":"closed","ping_status":"closed","template":"","meta":{"_mi_skip_tracking":false},"yoast_head":"<!-- This site is optimized with the Yoast SEO plugin v19.1 - https:\/\/yoast.com\/wordpress\/plugins\/seo\/ -->\n<title>Private Krankenversicherung &bull; Unabh\u00e4ngige Finanz- und Versicherungsberatung | Ralf Schmidt wertraum GmbH<\/title>\n<meta name=\"robots\" content=\"index, follow, max-snippet:-1, max-image-preview:large, max-video-preview:-1\" \/>\n<link rel=\"canonical\" href=\"https:\/\/www.wertraum.com\/schmidt\/absicherung\/krankenversicherung\/private-krankenversicherung\/\" \/>\n<meta property=\"og:locale\" content=\"de_DE\" \/>\n<meta property=\"og:type\" content=\"article\" \/>\n<meta property=\"og:title\" content=\"Private Krankenversicherung &bull; Unabh\u00e4ngige Finanz- und Versicherungsberatung | Ralf Schmidt wertraum GmbH\" \/>\n<meta property=\"og:description\" content=\"[et_pb_section background_image=&#8220;https:\/\/www.wertraum.com\/schmidt\/wp-content\/uploads\/2017\/11\/iStock-487659578_h.jpg&#8220; transparent_background=&#8220;off&#8220; allow_player_pause=&#8220;off&#8220; inner_shadow=&#8220;off&#8220; parallax=&#8220;off&#8220; parallax_method=&#8220;on&#8220; custom_padding=&#8220;54px|0px|312px|0px&#8220; padding_mobile=&#8220;off&#8220; make_fullwidth=&#8220;off&#8220; use_custom_width=&#8220;off&#8220; width_unit=&#8220;off&#8220; custom_width_px=&#8220;1080px&#8220; custom_width_percent=&#8220;80%&#8220; make_equal=&#8220;off&#8220; use_custom_gutter=&#8220;off&#8220; fullwidth=&#8220;off&#8220; specialty=&#8220;off&#8220; admin_label=&#8220;section&#8220; disabled=&#8220;off&#8220;][et_pb_row make_fullwidth=&#8220;off&#8220; use_custom_width=&#8220;off&#8220; width_unit=&#8220;off&#8220; custom_width_px=&#8220;1080px&#8220; custom_width_percent=&#8220;80%&#8220; use_custom_gutter=&#8220;off&#8220; gutter_width=&#8220;3&#8243; padding_mobile=&#8220;off&#8220; allow_player_pause=&#8220;off&#8220; parallax=&#8220;off&#8220; parallax_method=&#8220;on&#8220; make_equal=&#8220;off&#8220; column_padding_mobile=&#8220;on&#8220; parallax_1=&#8220;off&#8220; parallax_method_1=&#8220;on&#8220; parallax_2=&#8220;off&#8220; parallax_method_2=&#8220;on&#8220; parallax_3=&#8220;off&#8220; parallax_method_3=&#8220;on&#8220; parallax_4=&#8220;off&#8220; parallax_method_4=&#8220;on&#8220; admin_label=&#8220;row&#8220; disabled=&#8220;off&#8220;][et_pb_column type=&#8220;4_4&#8243; disabled=&#8220;off&#8220; parallax=&#8220;off&#8220; parallax_method=&#8220;on&#8220; column_padding_mobile=&#8220;on&#8220;][et_pb_image show_in_lightbox=&#8220;off&#8220; url_new_window=&#8220;off&#8220; use_overlay=&#8220;off&#8220; sticky=&#8220;off&#8220; align=&#8220;left&#8220; force_fullwidth=&#8220;off&#8220; always_center_on_mobile=&#8220;on&#8220; [&hellip;]\" \/>\n<meta property=\"og:url\" content=\"https:\/\/www.wertraum.com\/schmidt\/absicherung\/krankenversicherung\/private-krankenversicherung\/\" \/>\n<meta property=\"og:site_name\" content=\"Unabh\u00e4ngige Finanz- und Versicherungsberatung | Ralf Schmidt wertraum GmbH\" \/>\n<meta property=\"article:modified_time\" content=\"2018-09-20T18:59:01+00:00\" \/>\n<meta name=\"twitter:card\" content=\"summary_large_image\" \/>\n<meta name=\"twitter:label1\" content=\"Gesch\u00e4tzte Lesezeit\" \/>\n\t<meta name=\"twitter:data1\" content=\"6\u00a0Minuten\" \/>\n<script type=\"application\/ld+json\" class=\"yoast-schema-graph\">{\"@context\":\"https:\/\/schema.org\",\"@graph\":[{\"@type\":\"Organization\",\"@id\":\"https:\/\/www.wertraum.com\/schmidt\/#organization\",\"name\":\"Ralf Schmidt wertraum GmbH\",\"url\":\"https:\/\/www.wertraum.com\/schmidt\/\",\"sameAs\":[],\"logo\":{\"@type\":\"ImageObject\",\"inLanguage\":\"de\",\"@id\":\"https:\/\/www.wertraum.com\/schmidt\/#\/schema\/logo\/image\/\",\"url\":\"https:\/\/www.wertraum.com\/schmidt\/wp-content\/uploads\/2016\/11\/logo.png\",\"contentUrl\":\"https:\/\/www.wertraum.com\/schmidt\/wp-content\/uploads\/2016\/11\/logo.png\",\"width\":250,\"height\":76,\"caption\":\"Ralf Schmidt wertraum GmbH\"},\"image\":{\"@id\":\"https:\/\/www.wertraum.com\/schmidt\/#\/schema\/logo\/image\/\"}},{\"@type\":\"WebSite\",\"@id\":\"https:\/\/www.wertraum.com\/schmidt\/#website\",\"url\":\"https:\/\/www.wertraum.com\/schmidt\/\",\"name\":\"Unabh\u00e4ngige Finanz- und Versicherungsberatung | Ralf Schmidt wertraum GmbH\",\"description\":\"Als Finanz- und Versicherungsmakler handeln wir ungebunden. Wir beraten frei von \u00fcbergeordneten Konzerninteressen und unterhalten keine finanziellen Verflechtungen zu Banken, Versicherungen oder Investmenth\u00e4usern. Auf dieser Basis erarbeiten wir Finanzl\u00f6sungen, die sich ausschlie\u00dflich an Ihrem Bedarf orientieren. So stehen Sie mit Ihren Zielen und W\u00fcnschen im Mittelpunkt.\",\"publisher\":{\"@id\":\"https:\/\/www.wertraum.com\/schmidt\/#organization\"},\"potentialAction\":[{\"@type\":\"SearchAction\",\"target\":{\"@type\":\"EntryPoint\",\"urlTemplate\":\"https:\/\/www.wertraum.com\/schmidt\/?s={search_term_string}\"},\"query-input\":\"required name=search_term_string\"}],\"inLanguage\":\"de\"},{\"@type\":\"WebPage\",\"@id\":\"https:\/\/www.wertraum.com\/schmidt\/absicherung\/krankenversicherung\/private-krankenversicherung\/#webpage\",\"url\":\"https:\/\/www.wertraum.com\/schmidt\/absicherung\/krankenversicherung\/private-krankenversicherung\/\",\"name\":\"Private Krankenversicherung &bull; Unabh\u00e4ngige Finanz- und Versicherungsberatung | Ralf Schmidt wertraum GmbH\",\"isPartOf\":{\"@id\":\"https:\/\/www.wertraum.com\/schmidt\/#website\"},\"datePublished\":\"2017-07-31T19:40:02+00:00\",\"dateModified\":\"2018-09-20T18:59:01+00:00\",\"breadcrumb\":{\"@id\":\"https:\/\/www.wertraum.com\/schmidt\/absicherung\/krankenversicherung\/private-krankenversicherung\/#breadcrumb\"},\"inLanguage\":\"de\",\"potentialAction\":[{\"@type\":\"ReadAction\",\"target\":[\"https:\/\/www.wertraum.com\/schmidt\/absicherung\/krankenversicherung\/private-krankenversicherung\/\"]}]},{\"@type\":\"BreadcrumbList\",\"@id\":\"https:\/\/www.wertraum.com\/schmidt\/absicherung\/krankenversicherung\/private-krankenversicherung\/#breadcrumb\",\"itemListElement\":[{\"@type\":\"ListItem\",\"position\":1,\"name\":\"Startseite\",\"item\":\"https:\/\/www.wertraum.com\/schmidt\/\"},{\"@type\":\"ListItem\",\"position\":2,\"name\":\"Absicherung\",\"item\":\"https:\/\/www.wertraum.com\/schmidt\/absicherung\/\"},{\"@type\":\"ListItem\",\"position\":3,\"name\":\"Krankenversicherung\",\"item\":\"https:\/\/www.wertraum.com\/schmidt\/absicherung\/krankenversicherung\/\"},{\"@type\":\"ListItem\",\"position\":4,\"name\":\"Private Krankenversicherung\"}]}]}<\/script>\n<!-- \/ Yoast SEO plugin. -->","yoast_head_json":{"title":"Private Krankenversicherung &bull; Unabh\u00e4ngige Finanz- und Versicherungsberatung | Ralf Schmidt wertraum GmbH","robots":{"index":"index","follow":"follow","max-snippet":"max-snippet:-1","max-image-preview":"max-image-preview:large","max-video-preview":"max-video-preview:-1"},"canonical":"https:\/\/www.wertraum.com\/schmidt\/absicherung\/krankenversicherung\/private-krankenversicherung\/","og_locale":"de_DE","og_type":"article","og_title":"Private Krankenversicherung &bull; Unabh\u00e4ngige Finanz- und Versicherungsberatung | Ralf Schmidt wertraum GmbH","og_description":"[et_pb_section background_image=&#8220;https:\/\/www.wertraum.com\/schmidt\/wp-content\/uploads\/2017\/11\/iStock-487659578_h.jpg&#8220; transparent_background=&#8220;off&#8220; allow_player_pause=&#8220;off&#8220; inner_shadow=&#8220;off&#8220; parallax=&#8220;off&#8220; parallax_method=&#8220;on&#8220; custom_padding=&#8220;54px|0px|312px|0px&#8220; padding_mobile=&#8220;off&#8220; make_fullwidth=&#8220;off&#8220; use_custom_width=&#8220;off&#8220; width_unit=&#8220;off&#8220; custom_width_px=&#8220;1080px&#8220; custom_width_percent=&#8220;80%&#8220; make_equal=&#8220;off&#8220; use_custom_gutter=&#8220;off&#8220; fullwidth=&#8220;off&#8220; specialty=&#8220;off&#8220; admin_label=&#8220;section&#8220; disabled=&#8220;off&#8220;][et_pb_row make_fullwidth=&#8220;off&#8220; use_custom_width=&#8220;off&#8220; width_unit=&#8220;off&#8220; custom_width_px=&#8220;1080px&#8220; custom_width_percent=&#8220;80%&#8220; use_custom_gutter=&#8220;off&#8220; gutter_width=&#8220;3&#8243; padding_mobile=&#8220;off&#8220; allow_player_pause=&#8220;off&#8220; parallax=&#8220;off&#8220; parallax_method=&#8220;on&#8220; make_equal=&#8220;off&#8220; column_padding_mobile=&#8220;on&#8220; parallax_1=&#8220;off&#8220; parallax_method_1=&#8220;on&#8220; parallax_2=&#8220;off&#8220; parallax_method_2=&#8220;on&#8220; parallax_3=&#8220;off&#8220; parallax_method_3=&#8220;on&#8220; parallax_4=&#8220;off&#8220; parallax_method_4=&#8220;on&#8220; admin_label=&#8220;row&#8220; disabled=&#8220;off&#8220;][et_pb_column type=&#8220;4_4&#8243; disabled=&#8220;off&#8220; parallax=&#8220;off&#8220; parallax_method=&#8220;on&#8220; column_padding_mobile=&#8220;on&#8220;][et_pb_image show_in_lightbox=&#8220;off&#8220; url_new_window=&#8220;off&#8220; use_overlay=&#8220;off&#8220; sticky=&#8220;off&#8220; align=&#8220;left&#8220; force_fullwidth=&#8220;off&#8220; always_center_on_mobile=&#8220;on&#8220; [&hellip;]","og_url":"https:\/\/www.wertraum.com\/schmidt\/absicherung\/krankenversicherung\/private-krankenversicherung\/","og_site_name":"Unabh\u00e4ngige Finanz- und Versicherungsberatung | Ralf Schmidt wertraum GmbH","article_modified_time":"2018-09-20T18:59:01+00:00","twitter_card":"summary_large_image","twitter_misc":{"Gesch\u00e4tzte Lesezeit":"6\u00a0Minuten"},"schema":{"@context":"https:\/\/schema.org","@graph":[{"@type":"Organization","@id":"https:\/\/www.wertraum.com\/schmidt\/#organization","name":"Ralf Schmidt wertraum GmbH","url":"https:\/\/www.wertraum.com\/schmidt\/","sameAs":[],"logo":{"@type":"ImageObject","inLanguage":"de","@id":"https:\/\/www.wertraum.com\/schmidt\/#\/schema\/logo\/image\/","url":"https:\/\/www.wertraum.com\/schmidt\/wp-content\/uploads\/2016\/11\/logo.png","contentUrl":"https:\/\/www.wertraum.com\/schmidt\/wp-content\/uploads\/2016\/11\/logo.png","width":250,"height":76,"caption":"Ralf Schmidt wertraum GmbH"},"image":{"@id":"https:\/\/www.wertraum.com\/schmidt\/#\/schema\/logo\/image\/"}},{"@type":"WebSite","@id":"https:\/\/www.wertraum.com\/schmidt\/#website","url":"https:\/\/www.wertraum.com\/schmidt\/","name":"Unabh\u00e4ngige Finanz- und Versicherungsberatung | Ralf Schmidt wertraum GmbH","description":"Als Finanz- und Versicherungsmakler handeln wir ungebunden. Wir beraten frei von \u00fcbergeordneten Konzerninteressen und unterhalten keine finanziellen Verflechtungen zu Banken, Versicherungen oder Investmenth\u00e4usern. Auf dieser Basis erarbeiten wir Finanzl\u00f6sungen, die sich ausschlie\u00dflich an Ihrem Bedarf orientieren. So stehen Sie mit Ihren Zielen und W\u00fcnschen im Mittelpunkt.","publisher":{"@id":"https:\/\/www.wertraum.com\/schmidt\/#organization"},"potentialAction":[{"@type":"SearchAction","target":{"@type":"EntryPoint","urlTemplate":"https:\/\/www.wertraum.com\/schmidt\/?s={search_term_string}"},"query-input":"required name=search_term_string"}],"inLanguage":"de"},{"@type":"WebPage","@id":"https:\/\/www.wertraum.com\/schmidt\/absicherung\/krankenversicherung\/private-krankenversicherung\/#webpage","url":"https:\/\/www.wertraum.com\/schmidt\/absicherung\/krankenversicherung\/private-krankenversicherung\/","name":"Private Krankenversicherung &bull; Unabh\u00e4ngige Finanz- und Versicherungsberatung | Ralf Schmidt wertraum GmbH","isPartOf":{"@id":"https:\/\/www.wertraum.com\/schmidt\/#website"},"datePublished":"2017-07-31T19:40:02+00:00","dateModified":"2018-09-20T18:59:01+00:00","breadcrumb":{"@id":"https:\/\/www.wertraum.com\/schmidt\/absicherung\/krankenversicherung\/private-krankenversicherung\/#breadcrumb"},"inLanguage":"de","potentialAction":[{"@type":"ReadAction","target":["https:\/\/www.wertraum.com\/schmidt\/absicherung\/krankenversicherung\/private-krankenversicherung\/"]}]},{"@type":"BreadcrumbList","@id":"https:\/\/www.wertraum.com\/schmidt\/absicherung\/krankenversicherung\/private-krankenversicherung\/#breadcrumb","itemListElement":[{"@type":"ListItem","position":1,"name":"Startseite","item":"https:\/\/www.wertraum.com\/schmidt\/"},{"@type":"ListItem","position":2,"name":"Absicherung","item":"https:\/\/www.wertraum.com\/schmidt\/absicherung\/"},{"@type":"ListItem","position":3,"name":"Krankenversicherung","item":"https:\/\/www.wertraum.com\/schmidt\/absicherung\/krankenversicherung\/"},{"@type":"ListItem","position":4,"name":"Private Krankenversicherung"}]}]}},"_links":{"self":[{"href":"https:\/\/www.wertraum.com\/schmidt\/wp-json\/wp\/v2\/pages\/106"}],"collection":[{"href":"https:\/\/www.wertraum.com\/schmidt\/wp-json\/wp\/v2\/pages"}],"about":[{"href":"https:\/\/www.wertraum.com\/schmidt\/wp-json\/wp\/v2\/types\/page"}],"author":[{"embeddable":true,"href":"https:\/\/www.wertraum.com\/schmidt\/wp-json\/wp\/v2\/users\/2"}],"replies":[{"embeddable":true,"href":"https:\/\/www.wertraum.com\/schmidt\/wp-json\/wp\/v2\/comments?post=106"}],"version-history":[{"count":13,"href":"https:\/\/www.wertraum.com\/schmidt\/wp-json\/wp\/v2\/pages\/106\/revisions"}],"predecessor-version":[{"id":930,"href":"https:\/\/www.wertraum.com\/schmidt\/wp-json\/wp\/v2\/pages\/106\/revisions\/930"}],"up":[{"embeddable":true,"href":"https:\/\/www.wertraum.com\/schmidt\/wp-json\/wp\/v2\/pages\/104"}],"wp:attachment":[{"href":"https:\/\/www.wertraum.com\/schmidt\/wp-json\/wp\/v2\/media?parent=106"}],"curies":[{"name":"wp","href":"https:\/\/api.w.org\/{rel}","templated":true}]}}